{"id":1050,"date":"2016-12-28T18:37:26","date_gmt":"2016-12-28T18:37:26","guid":{"rendered":"http:\/\/www.compagnieducomplot.com\/?page_id=1050"},"modified":"2017-02-09T14:38:15","modified_gmt":"2017-02-09T14:38:15","slug":"nina-simone","status":"publish","type":"page","link":"http:\/\/www.compagnieducomplot.com\/?page_id=1050","title":{"rendered":"Nina Simone"},"content":{"rendered":"<h1><\/h1>\n<p>&nbsp;<\/p>\n<h1>Wild as the Wind<\/h1>\n<p>&nbsp;<\/p>\n<p>M\u00e9langeant jazz et th\u00e9\u00e2tre, \u00ab Nina Simone, Wild As The Wind \u00bb se veut un hommage hors norme \u00e0 l\u2019artiste, en ce sens que l\u2019accent n\u2019est pas mis uniquement mis sur la musique, mais sur la d\u00e9couverte d\u2019une personnalit\u00e9 nourrie de frustrations, d\u2019espoirs, de cassures, d\u2019\u00e9garements et de rages.<\/p>\n<p>Ce concert spectacle d\u00e9voile au public le tournant que prit la vie d\u2019une femme noire et talentueuse au XX\u00e8me si\u00e8cle. Le spectacle replace la musique dans un contexte socio-politique, afin de mieux comprendre la probl\u00e9matique raciale, la place de la femme, le r\u00f4le que peut avoir la culture et la musique dans une soci\u00e9t\u00e9 en perp\u00e9tuelle mutation. Nina \u00e9tait l\u2019\u00e9g\u00e9rie du mouvement de la lutte pour les droits civiques de la population noire am\u00e9ricaine, et sa musique \u00a0\u00bb bande son d\u2019une \u00e9poque troubl\u00e9e\u00a0\u00bb \u00e9tait son arme.<\/p>\n<p>La musique, langage universel, parle tant \u00e0 notre esprit qu\u2019\u00e0 notre \u00e2me, elle relie les hommes et fait battre leur c\u0153ur au m\u00eame tempo.<\/p>\n<p><a href=\"http:\/\/www.compagnieducomplot.com\/wp-content\/uploads\/2016\/12\/NINA_FBevent%C2%A9Racasse-Studio-copie.png\"><img loading=\"lazy\" class=\"wp-image-1071 alignnone\" src=\"http:\/\/www.compagnieducomplot.com\/wp-content\/uploads\/2016\/12\/NINA_FBevent%C2%A9Racasse-Studio-copie.png\" alt=\"NINA_FBevent\u00a9Racasse-Studio - copie\" width=\"673\" height=\"239\" \/><\/a><\/p>\n<p><em>Cr\u00e9ation du Visuel: Racasse Studio<\/em><br \/>\n<em> Photos: Roger Vantilt et Etienne Bauduin<\/em><\/p>\n<p>&nbsp;<\/p>\n","protected":false},"excerpt":{"rendered":"<p>&nbsp; Wild as the Wind &nbsp; M\u00e9langeant jazz et th\u00e9\u00e2tre, \u00ab Nina Simone, Wild As The Wind \u00bb se veut un hommage hors norme \u00e0 l\u2019artiste, en ce sens que l\u2019accent n\u2019est pas mis uniquement mis sur la musique, mais sur la d\u00e9couverte d\u2019une personnalit\u00e9 nourrie de frustrations, d\u2019espoirs, de cassures, d\u2019\u00e9garements et de rages. [&hellip;]<\/p>\n","protected":false},"author":1,"featured_media":0,"parent":0,"menu_order":0,"comment_status":"closed","ping_status":"closed","template":"","meta":[],"_links":{"self":[{"href":"http:\/\/www.compagnieducomplot.com\/index.php?rest_route=\/wp\/v2\/pages\/1050"}],"collection":[{"href":"http:\/\/www.compagnieducomplot.com\/index.php?rest_route=\/wp\/v2\/pages"}],"about":[{"href":"http:\/\/www.compagnieducomplot.com\/index.php?rest_route=\/wp\/v2\/types\/page"}],"author":[{"embeddable":true,"href":"http:\/\/www.compagnieducomplot.com\/index.php?rest_route=\/wp\/v2\/users\/1"}],"replies":[{"embeddable":true,"href":"http:\/\/www.compagnieducomplot.com\/index.php?rest_route=%2Fwp%2Fv2%2Fcomments&post=1050"}],"version-history":[{"count":25,"href":"http:\/\/www.compagnieducomplot.com\/index.php?rest_route=\/wp\/v2\/pages\/1050\/revisions"}],"predecessor-version":[{"id":1069,"href":"http:\/\/www.compagnieducomplot.com\/index.php?rest_route=\/wp\/v2\/pages\/1050\/revisions\/1069"}],"wp:attachment":[{"href":"http:\/\/www.compagnieducomplot.com\/index.php?rest_route=%2Fwp%2Fv2%2Fmedia&parent=1050"}],"curies":[{"name":"wp","href":"https:\/\/api.w.org\/{rel}","templated":true}]}}